{"id":54,"date":"2025-03-12T17:03:37","date_gmt":"2025-03-12T17:03:37","guid":{"rendered":"https:\/\/asemi.bj\/?page_id=54"},"modified":"2025-03-24T16:36:34","modified_gmt":"2025-03-24T16:36:34","slug":"a-propos","status":"publish","type":"page","link":"https:\/\/asemi.bj\/?page_id=54","title":{"rendered":"services"},"content":{"rendered":"\t\t<div data-elementor-type=\"wp-page\" data-elementor-id=\"54\" class=\"elementor elementor-54\" data-elementor-post-type=\"page\">\n\t\t\t\t<div class=\"elementor-element elementor-element-e5d1051 e-flex e-con-boxed e-con e-parent\" data-id=\"e5d1051\" data-element_type=\"container\">\n\t\t\t\t\t<div class=\"e-con-inner\">\n\t\t\t\t<div class=\"elementor-element elementor-element-4fb762b elementor-widget elementor-widget-heading\" data-id=\"4fb762b\" data-element_type=\"widget\" data-widget_type=\"heading.default\">\n\t\t\t\t<div class=\"elementor-widget-container\">\n\t\t\t\t\t<h4 class=\"elementor-heading-title elementor-size-default\">L\u2019expertise de ASEMI SA est bas\u00e9e sur la culture du travail bien fait.<\/h4>\t\t\t\t<\/div>\n\t\t\t\t<\/div>\n\t\t\t\t\t<\/div>\n\t\t\t\t<\/div>\n\t\t<div class=\"elementor-element elementor-element-484e17a8 e-con-full e-flex e-con e-parent\" data-id=\"484e17a8\" data-element_type=\"container\" data-settings=\"{&quot;background_background&quot;:&quot;classic&quot;}\">\n\t\t<div class=\"elementor-element elementor-element-4f8e6934 e-con-full e-flex e-con e-child\" data-id=\"4f8e6934\" data-element_type=\"container\">\n\t\t\t\t<div class=\"elementor-element elementor-element-484b6e6 elementor-widget elementor-widget-heading\" data-id=\"484b6e6\" data-element_type=\"widget\" data-widget_type=\"heading.default\">\n\t\t\t\t<div class=\"elementor-widget-container\">\n\t\t\t\t\t<h3 class=\"elementor-heading-title elementor-size-default\">EFFICACIT\u00c9 \u00c9NERG\u00c9TIQUE<\/h3>\t\t\t\t<\/div>\n\t\t\t\t<\/div>\n\t\t\t\t<div class=\"elementor-element elementor-element-3aa10bbc elementor-widget elementor-widget-text-editor\" data-id=\"3aa10bbc\" data-element_type=\"widget\" data-widget_type=\"text-editor.default\">\n\t\t\t\t<div class=\"elementor-widget-container\">\n\t\t\t\t\t\t\t\t\t<p>De mani\u00e8re g\u00e9n\u00e9rale, l\u2019efficacit\u00e9 \u00e9nerg\u00e9tique ou efficience \u00e9nerg\u00e9tique<br \/>d\u00e9signe l\u2019\u00e9tat de fonctionnement d\u2019un syst\u00e8me pour lequel la consommation<br \/>d\u2019\u00e9nergie est minimis\u00e9e pour un service rendu identique. Nos experts s\u2019engagent \u00e0 r\u00e9duire vos co\u00fbts \u00e9nerg\u00e9tiques et \u00e0 optimiser vos installations sur le long terme.<\/p>\t\t\t\t\t\t\t\t<\/div>\n\t\t\t\t<\/div>\n\t\t\t\t<\/div>\n\t\t<div class=\"elementor-element elementor-element-ef3f487 e-con-full e-flex e-con e-child\" data-id=\"ef3f487\" data-element_type=\"container\">\n\t\t\t\t<div class=\"elementor-element elementor-element-649b419c elementor-widget elementor-widget-image\" data-id=\"649b419c\" data-element_type=\"widget\" data-widget_type=\"image.default\">\n\t\t\t\t<div class=\"elementor-widget-container\">\n\t\t\t\t\t\t\t\t\t\t\t\t\t\t\t<img fetchpriority=\"high\" decoding=\"async\" width=\"612\" height=\"612\" src=\"https:\/\/asemi.bj\/wp-content\/uploads\/2025\/03\/istockphoto-1391818301-612x612-1.jpg\" class=\"attachment-large size-large wp-image-208\" alt=\"\" srcset=\"https:\/\/asemi.bj\/wp-content\/uploads\/2025\/03\/istockphoto-1391818301-612x612-1.jpg 612w, https:\/\/asemi.bj\/wp-content\/uploads\/2025\/03\/istockphoto-1391818301-612x612-1-300x300.jpg 300w, https:\/\/asemi.bj\/wp-content\/uploads\/2025\/03\/istockphoto-1391818301-612x612-1-150x150.jpg 150w\" sizes=\"(max-width: 612px) 100vw, 612px\" \/>\t\t\t\t\t\t\t\t\t\t\t\t\t\t\t<\/div>\n\t\t\t\t<\/div>\n\t\t\t\t<\/div>\n\t\t\t\t<\/div>\n\t\t<div class=\"elementor-element elementor-element-ed7d5e5 e-con-full e-flex e-con e-parent\" data-id=\"ed7d5e5\" data-element_type=\"container\" data-settings=\"{&quot;background_background&quot;:&quot;classic&quot;}\">\n\t\t<div class=\"elementor-element elementor-element-3f2fb14 e-con-full e-flex e-con e-child\" data-id=\"3f2fb14\" data-element_type=\"container\">\n\t\t\t\t<div class=\"elementor-element elementor-element-9efdf9d elementor-widget elementor-widget-heading\" data-id=\"9efdf9d\" data-element_type=\"widget\" data-widget_type=\"heading.default\">\n\t\t\t\t<div class=\"elementor-widget-container\">\n\t\t\t\t\t<h3 class=\"elementor-heading-title elementor-size-default\">\u00c9NERGIES RENOUVELABLES<\/h3>\t\t\t\t<\/div>\n\t\t\t\t<\/div>\n\t\t\t\t<div class=\"elementor-element elementor-element-7df13e6 elementor-widget elementor-widget-text-editor\" data-id=\"7df13e6\" data-element_type=\"widget\" data-widget_type=\"text-editor.default\">\n\t\t\t\t<div class=\"elementor-widget-container\">\n\t\t\t\t\t\t\t\t\t<p><span class=\"selectable-text copyable-text false\">Les \u00e9nergies renouvelables (EnR) sont des sources d\u2019\u00e9nergies dont le renouvellement naturel est assez rapide pour qu\u2019elles puissent \u00eatre consid\u00e9r\u00e9es comme in\u00e9puisables \u00e0 l\u2019\u00e9chelle de temps humaine. Nous sommes aujourd\u2019hui des leaders de l\u2019\u00e9nergie verte et sommes fortement engag\u00e9s \u00e0 la rendre accessible \u00e0 toutes les dimensions sociales de par les projets pilotes dans lesquels nous sommes engag\u00e9s.<\/span><\/p>\t\t\t\t\t\t\t\t<\/div>\n\t\t\t\t<\/div>\n\t\t\t\t<\/div>\n\t\t<div class=\"elementor-element elementor-element-f0c14a0 e-con-full e-flex e-con e-child\" data-id=\"f0c14a0\" data-element_type=\"container\">\n\t\t\t\t<div class=\"elementor-element elementor-element-3c6c853 elementor-widget elementor-widget-image\" data-id=\"3c6c853\" data-element_type=\"widget\" data-widget_type=\"image.default\">\n\t\t\t\t<div class=\"elementor-widget-container\">\n\t\t\t\t\t\t\t\t\t\t\t\t\t\t\t<img decoding=\"async\" width=\"1024\" height=\"732\" src=\"https:\/\/asemi.bj\/wp-content\/uploads\/2025\/03\/Maison-et-Energies-Renouvelables-1024x732.jpg\" class=\"attachment-large size-large wp-image-213\" alt=\"\" srcset=\"https:\/\/asemi.bj\/wp-content\/uploads\/2025\/03\/Maison-et-Energies-Renouvelables-1024x732.jpg 1024w, https:\/\/asemi.bj\/wp-content\/uploads\/2025\/03\/Maison-et-Energies-Renouvelables-300x214.jpg 300w, https:\/\/asemi.bj\/wp-content\/uploads\/2025\/03\/Maison-et-Energies-Renouvelables-768x549.jpg 768w, https:\/\/asemi.bj\/wp-content\/uploads\/2025\/03\/Maison-et-Energies-Renouvelables-1536x1098.jpg 1536w, https:\/\/asemi.bj\/wp-content\/uploads\/2025\/03\/Maison-et-Energies-Renouvelables.jpg 1732w\" sizes=\"(max-width: 1024px) 100vw, 1024px\" \/>\t\t\t\t\t\t\t\t\t\t\t\t\t\t\t<\/div>\n\t\t\t\t<\/div>\n\t\t\t\t<\/div>\n\t\t\t\t<\/div>\n\t\t<div class=\"elementor-element elementor-element-3cd23a4 e-con-full e-flex e-con e-parent\" data-id=\"3cd23a4\" data-element_type=\"container\" data-settings=\"{&quot;background_background&quot;:&quot;classic&quot;}\">\n\t\t<div class=\"elementor-element elementor-element-0771ed0 e-con-full e-flex e-con e-child\" data-id=\"0771ed0\" data-element_type=\"container\">\n\t\t\t\t<div class=\"elementor-element elementor-element-b8affcb elementor-widget elementor-widget-heading\" data-id=\"b8affcb\" data-element_type=\"widget\" data-widget_type=\"heading.default\">\n\t\t\t\t<div class=\"elementor-widget-container\">\n\t\t\t\t\t<h3 class=\"elementor-heading-title elementor-size-default\">FROID ET CLIMATISATION<\/h3>\t\t\t\t<\/div>\n\t\t\t\t<\/div>\n\t\t\t\t<div class=\"elementor-element elementor-element-3d292c2 elementor-widget elementor-widget-text-editor\" data-id=\"3d292c2\" data-element_type=\"widget\" data-widget_type=\"text-editor.default\">\n\t\t\t\t<div class=\"elementor-widget-container\">\n\t\t\t\t\t\t\t\t\t<p><span class=\"selectable-text copyable-text false\">Le froid et la climatisation sont l\u2019ensemble des disciplines techniques permettant de la conservation des denr\u00e9es alimentaires ou le contr\u00f4le des conditions climatiques d\u2019un local pour le confort des occupants ou pour des raisons techniques (bloc op\u00e9ratoire, salle informatique\u2026).<\/span><\/p>\t\t\t\t\t\t\t\t<\/div>\n\t\t\t\t<\/div>\n\t\t\t\t<\/div>\n\t\t<div class=\"elementor-element elementor-element-ddc88b0 e-con-full e-flex e-con e-child\" data-id=\"ddc88b0\" data-element_type=\"container\">\n\t\t\t\t<div class=\"elementor-element elementor-element-53b5ca5 elementor-widget elementor-widget-image\" data-id=\"53b5ca5\" data-element_type=\"widget\" data-widget_type=\"image.default\">\n\t\t\t\t<div class=\"elementor-widget-container\">\n\t\t\t\t\t\t\t\t\t\t\t\t\t\t\t<img decoding=\"async\" width=\"626\" height=\"417\" src=\"https:\/\/asemi.bj\/wp-content\/uploads\/2025\/03\/service-electricien-services-climatisation-refrigeration-installation-reparation-climatiseurs-recrutement-meilleurs-techniciens_335657-708.png\" class=\"attachment-large size-large wp-image-214\" alt=\"\" srcset=\"https:\/\/asemi.bj\/wp-content\/uploads\/2025\/03\/service-electricien-services-climatisation-refrigeration-installation-reparation-climatiseurs-recrutement-meilleurs-techniciens_335657-708.png 626w, https:\/\/asemi.bj\/wp-content\/uploads\/2025\/03\/service-electricien-services-climatisation-refrigeration-installation-reparation-climatiseurs-recrutement-meilleurs-techniciens_335657-708-300x200.png 300w\" sizes=\"(max-width: 626px) 100vw, 626px\" \/>\t\t\t\t\t\t\t\t\t\t\t\t\t\t\t<\/div>\n\t\t\t\t<\/div>\n\t\t\t\t<\/div>\n\t\t\t\t<\/div>\n\t\t<div class=\"elementor-element elementor-element-9248b84 e-con-full e-flex e-con e-parent\" data-id=\"9248b84\" data-element_type=\"container\" data-settings=\"{&quot;background_background&quot;:&quot;classic&quot;}\">\n\t\t<div class=\"elementor-element elementor-element-fa2b9ab e-con-full e-flex e-con e-child\" data-id=\"fa2b9ab\" data-element_type=\"container\">\n\t\t\t\t<div class=\"elementor-element elementor-element-51734df elementor-widget elementor-widget-heading\" data-id=\"51734df\" data-element_type=\"widget\" data-widget_type=\"heading.default\">\n\t\t\t\t<div class=\"elementor-widget-container\">\n\t\t\t\t\t<h3 class=\"elementor-heading-title elementor-size-default\">R\u00c9SEAUX \u00c9LECTRIQUES &amp; T\u00c9L\u00c9COM<\/h3>\t\t\t\t<\/div>\n\t\t\t\t<\/div>\n\t\t\t\t<div class=\"elementor-element elementor-element-a01534e elementor-widget elementor-widget-text-editor\" data-id=\"a01534e\" data-element_type=\"widget\" data-widget_type=\"text-editor.default\">\n\t\t\t\t<div class=\"elementor-widget-container\">\n\t\t\t\t\t\t\t\t\t<p><span class=\"selectable-text copyable-text false\">Nous sommes aujourd\u2019hui une r\u00e9f\u00e9rence incontournable dans la conception et la r\u00e9alisation de r\u00e9seaux \u00e9lectriques (a\u00e9riens et souterrains &#8211; HTA\/MT-BT) et r\u00e9seaux de t\u00e9l\u00e9communication. Nous vous assistons dans la r\u00e9alisation de vos projets depuis la phase d\u2019avant-projet jusqu\u2019\u00e0 la mise en oeuvre et la mise en service.<\/span><\/p>\t\t\t\t\t\t\t\t<\/div>\n\t\t\t\t<\/div>\n\t\t\t\t<\/div>\n\t\t<div class=\"elementor-element elementor-element-52090c0 e-con-full e-flex e-con e-child\" data-id=\"52090c0\" data-element_type=\"container\">\n\t\t\t\t<div class=\"elementor-element elementor-element-3a9d072 elementor-widget elementor-widget-image\" data-id=\"3a9d072\" data-element_type=\"widget\" data-widget_type=\"image.default\">\n\t\t\t\t<div class=\"elementor-widget-container\">\n\t\t\t\t\t\t\t\t\t\t\t\t\t\t\t<img loading=\"lazy\" decoding=\"async\" width=\"626\" height=\"403\" src=\"https:\/\/asemi.bj\/wp-content\/uploads\/2025\/03\/tour-telecommunication-radio-internet-antenne-telecommunication-cellulaire-mobile-signal-reseau-sans-fil-equipement-communication-diffusion-paysage-urbain-concept-illustration-vectorielle_440128-931.png\" class=\"attachment-large size-large wp-image-215\" alt=\"\" srcset=\"https:\/\/asemi.bj\/wp-content\/uploads\/2025\/03\/tour-telecommunication-radio-internet-antenne-telecommunication-cellulaire-mobile-signal-reseau-sans-fil-equipement-communication-diffusion-paysage-urbain-concept-illustration-vectorielle_440128-931.png 626w, https:\/\/asemi.bj\/wp-content\/uploads\/2025\/03\/tour-telecommunication-radio-internet-antenne-telecommunication-cellulaire-mobile-signal-reseau-sans-fil-equipement-communication-diffusion-paysage-urbain-concept-illustration-vectorielle_440128-931-300x193.png 300w\" sizes=\"(max-width: 626px) 100vw, 626px\" \/>\t\t\t\t\t\t\t\t\t\t\t\t\t\t\t<\/div>\n\t\t\t\t<\/div>\n\t\t\t\t<\/div>\n\t\t\t\t<\/div>\n\t\t<div class=\"elementor-element elementor-element-5f71256 e-con-full e-flex e-con e-parent\" data-id=\"5f71256\" data-element_type=\"container\" data-settings=\"{&quot;background_background&quot;:&quot;classic&quot;}\">\n\t\t<div class=\"elementor-element elementor-element-2156572 e-con-full e-flex e-con e-child\" data-id=\"2156572\" data-element_type=\"container\">\n\t\t\t\t<div class=\"elementor-element elementor-element-885deae elementor-widget elementor-widget-heading\" data-id=\"885deae\" data-element_type=\"widget\" data-widget_type=\"heading.default\">\n\t\t\t\t<div class=\"elementor-widget-container\">\n\t\t\t\t\t<h3 class=\"elementor-heading-title elementor-size-default\">ASSAINISSEMENT - GENIE CIVIL<\/h3>\t\t\t\t<\/div>\n\t\t\t\t<\/div>\n\t\t\t\t<div class=\"elementor-element elementor-element-c43f6ac elementor-widget elementor-widget-text-editor\" data-id=\"c43f6ac\" data-element_type=\"widget\" data-widget_type=\"text-editor.default\">\n\t\t\t\t<div class=\"elementor-widget-container\">\n\t\t\t\t\t\t\t\t\t<p><span class=\"selectable-text copyable-text false\">L\u2019assainissement a pour fonction de collecter les eaux us\u00e9es et pluviales, de les d\u00e9barrasser des pollutions dont elles sont charg\u00e9es puis de les drainer vers les divers exutoires pr\u00e9vues. Depuis quelques ann\u00e9es ASEMI SA exerce dans le g\u00e9nie civil et r\u00e9alise des r\u00e9seaux d\u2019assainissement sur des projets phares du gouvernement B\u00e9ninois. Aujourd\u2019hui ASEMI SA compte parmi les acteurs principaux de VRD au B\u00e9nin.<\/span><\/p>\t\t\t\t\t\t\t\t<\/div>\n\t\t\t\t<\/div>\n\t\t\t\t<\/div>\n\t\t<div class=\"elementor-element elementor-element-c014d40 e-con-full e-flex e-con e-child\" data-id=\"c014d40\" data-element_type=\"container\">\n\t\t\t\t<div class=\"elementor-element elementor-element-94a6bbd elementor-widget elementor-widget-image\" data-id=\"94a6bbd\" data-element_type=\"widget\" data-widget_type=\"image.default\">\n\t\t\t\t<div class=\"elementor-widget-container\">\n\t\t\t\t\t\t\t\t\t\t\t\t\t\t\t<img loading=\"lazy\" decoding=\"async\" width=\"600\" height=\"540\" src=\"https:\/\/asemi.bj\/wp-content\/uploads\/2025\/03\/underground-drainage-sanitation-system-construction-600nw-2492654321.webp\" class=\"attachment-large size-large wp-image-216\" alt=\"\" srcset=\"https:\/\/asemi.bj\/wp-content\/uploads\/2025\/03\/underground-drainage-sanitation-system-construction-600nw-2492654321.webp 600w, https:\/\/asemi.bj\/wp-content\/uploads\/2025\/03\/underground-drainage-sanitation-system-construction-600nw-2492654321-300x270.webp 300w\" sizes=\"(max-width: 600px) 100vw, 600px\" \/>\t\t\t\t\t\t\t\t\t\t\t\t\t\t\t<\/div>\n\t\t\t\t<\/div>\n\t\t\t\t<\/div>\n\t\t\t\t<\/div>\n\t\t\t\t<\/div>\n\t\t","protected":false},"excerpt":{"rendered":"<p>L\u2019expertise de ASEMI SA est bas\u00e9e sur la culture du travail bien fait. EFFICACIT\u00c9 \u00c9NERG\u00c9TIQUE De mani\u00e8re g\u00e9n\u00e9rale, l\u2019efficacit\u00e9 \u00e9nerg\u00e9tique ou efficience \u00e9nerg\u00e9tiqued\u00e9signe l\u2019\u00e9tat de fonctionnement d\u2019un syst\u00e8me pour lequel la consommationd\u2019\u00e9nergie est minimis\u00e9e pour un service rendu identique. Nos experts s\u2019engagent \u00e0 r\u00e9duire vos co\u00fbts \u00e9nerg\u00e9tiques et \u00e0 optimiser vos installations sur le long [&hellip;]<\/p>\n","protected":false},"author":1,"featured_media":0,"parent":0,"menu_order":0,"comment_status":"closed","ping_status":"closed","template":"","meta":{"footnotes":""},"class_list":["post-54","page","type-page","status-publish","hentry"],"_links":{"self":[{"href":"https:\/\/asemi.bj\/index.php?rest_route=\/wp\/v2\/pages\/54","targetHints":{"allow":["GET"]}}],"collection":[{"href":"https:\/\/asemi.bj\/index.php?rest_route=\/wp\/v2\/pages"}],"about":[{"href":"https:\/\/asemi.bj\/index.php?rest_route=\/wp\/v2\/types\/page"}],"author":[{"embeddable":true,"href":"https:\/\/asemi.bj\/index.php?rest_route=\/wp\/v2\/users\/1"}],"replies":[{"embeddable":true,"href":"https:\/\/asemi.bj\/index.php?rest_route=%2Fwp%2Fv2%2Fcomments&post=54"}],"version-history":[{"count":15,"href":"https:\/\/asemi.bj\/index.php?rest_route=\/wp\/v2\/pages\/54\/revisions"}],"predecessor-version":[{"id":219,"href":"https:\/\/asemi.bj\/index.php?rest_route=\/wp\/v2\/pages\/54\/revisions\/219"}],"wp:attachment":[{"href":"https:\/\/asemi.bj\/index.php?rest_route=%2Fwp%2Fv2%2Fmedia&parent=54"}],"curies":[{"name":"wp","href":"https:\/\/api.w.org\/{rel}","templated":true}]}}